{"id":13746,"date":"2016-03-09T12:27:40","date_gmt":"2016-03-09T11:27:40","guid":{"rendered":"https:\/\/compassion.ch\/botschafter\/"},"modified":"2025-02-12T14:33:46","modified_gmt":"2025-02-12T13:33:46","slug":"ambasciatori","status":"publish","type":"page","link":"https:\/\/compassion.ch\/it\/ambasciatori\/","title":{"rendered":"Ambasciatori di Compassion"},"content":{"rendered":"<div id=\"pl-13746\"  class=\"panel-layout\" ><div class=\"section background-blue section_abgerissen_unten remove_margin_bottom has_breadcrumb\" ><div class=\"row section_breadcrumb\"><ul id=\"breadcrumbs\" class=\"breadcrumbs\"><li class=\"item-home\"><a class=\"bread-link bread-home\" href=\"https:\/\/compassion.ch\/it\/\" title=\"Home\">Home<\/a><\/li><li class=\"separator separator-home\"> <span class=\"triangle\"><\/span> <\/li><\/ul><\/div><div class=\"row section_row\"><div id=\"pg-13746-0\"  class=\"panel-grid panel-no-style\" ><div id=\"pgc-13746-0-0\"  class=\"panel-grid-cell\" ><div id=\"panel-13746-0-0-0\" class=\"so-panel widget widget_sow-editor panel-first-child panel-last-child\" data-index=\"0\" ><div\n\t\t\t\n\t\t\tclass=\"so-widget-sow-editor so-widget-sow-editor-base\"\n\t\t\t\n\t\t>\n<div class=\"siteorigin-widget-tinymce textwidget\">\n\t<h2 class=\"widget-title\" style=\"text-align: center;\">Ambasciatori di Compassion<\/h2>\n<p class=\"subtitle\" style=\"text-align: center;\">Siamo grati che artisti, oratori e personalit\u00e0 sostengano attivamente il lavoro di Compassion per lo sviluppo del bambino.<\/p>\n<\/div>\n<\/div><\/div><\/div><\/div><\/div><\/div><div class=\"section background-beige-gradient background-beige\" ><div class=\"row section_row\"><div id=\"pg-13746-1\"  class=\"panel-grid panel-no-style\" ><div id=\"pgc-13746-1-0\"  class=\"panel-grid-cell\" ><div id=\"panel-13746-1-0-0\" class=\"so-panel widget widget_siteorigin-panels-builder panel-first-child panel-last-child\" data-index=\"1\" ><div id=\"pl-w67aca33a77717\"  class=\"panel-layout\" ><div class=\"row section_row\"><div id=\"pg-w67aca33a77717-0\"  class=\"panel-grid panel-no-style\" ><div id=\"pgc-w67aca33a77717-0-0\"  class=\"panel-grid-cell\" ><div id=\"panel-w67aca33a77717-0-0-0\" class=\"so-panel widget widget_teaser-box panel-first-child\" data-index=\"0\" ><div\n\t\t\t\n\t\t\tclass=\"so-widget-teaser-box so-widget-teaser-box-teaser-box-style-d75171398898\"\n\t\t\t\n\t\t><div class=\"teaser-box\">\n  <div class=\"image position-\" style=\"background-image: url(https:\/\/compassion.ch\/wp-content\/uploads\/2018\/12\/a_maugeri-1.jpg);\"><\/div>\n  <h4 class=\"svg-divider\">Angelo Maugeri<\/h4>\n  <p><a href=\"http:\/\/www.angelomaugeri.it\" target=\"_blank\" rel=\"noopener\">Angelo Maugeri,<\/a> artista Siciliano classe \u201884 residente a Milano da diversi anni, \u00e8 uno dei massimi esponenti di Christian Music Italiana.<\/p>\n<p>A tempo pieno dal 2005 Angelo \u00e8 il fondatore di J-Factor, primo Talent di Musica Cristiana Italiana e della J-School, scuola di Musica per musicisti e cantanti Cristiani.<\/p>\n<p>\u201cHo sempre avuto sul cuore la causa della povert\u00e0, ed in particolare un peso per i bambini che vivono in paesi dove \u00e8 proprio la povert\u00e0\u00a0 bugiarda a togliere la speranza. A gennaio 2018 ho fatto un viaggio con altri colleghi per visitare i centri Compassion, in Kenya. \u00c8 stata un\u2019esperienza che ha cambiato la mia vita, ho potuto vedere con i miei occhi, che la speranza \u00e8 pi\u00f9 forte, e che il sostegno a distanza, funziona! Perch\u00e8 essere ambasciatore di Compassion? Piuttosto la domanda sarebbe: Perch\u00e8 non esserlo?\u201d \u2013 Angelo<\/p>\n<\/div>\n<\/div><\/div><div id=\"panel-w67aca33a77717-0-0-1\" class=\"so-panel widget widget_teaser-box\" data-index=\"1\" ><div\n\t\t\t\n\t\t\tclass=\"so-widget-teaser-box so-widget-teaser-box-teaser-box-style-d75171398898\"\n\t\t\t\n\t\t><div class=\"teaser-box\">\n  <div class=\"image position-\" style=\"background-image: url(https:\/\/compassion.ch\/wp-content\/uploads\/2016\/03\/compassion_freeg.jpg);\"><\/div>\n  <h4 class=\"svg-divider\">DJ FreeG<\/h4>\n  <p><span style=\"font-weight: 400;\">DJ FreeG alias Stefan Fritschi produce musica dance di alto livello ed \u00e8 uno dei pi\u00f9 famosi DJ cristiani in tutta la Svizzera. DJ FreeG vuole fare la differenza grazie alla sua musica e ha quindi deciso di viaggiare con Compassion.<\/span><\/p>\n<p><span style=\"font-weight: 400;\">FreeG ha visitato Rey, il bambino che sostiene nelle Filippine. <\/span><a href=\"https:\/\/www.youtube.com\/watch?v=UAepHS_mq90\" target=\"_blank\" rel=\"noopener\"><span style=\"font-weight: 400;\">In questo breve filmato<\/span><\/a><span style=\"font-weight: 400;\"> mostra e spiega perch\u00e9 si impegna a favore dei bambini che si trovano in condizioni di povert\u00e0.<\/span><\/p>\n<\/div>\n<\/div><\/div><div id=\"panel-w67aca33a77717-0-0-2\" class=\"so-panel widget widget_teaser-box\" data-index=\"2\" ><div\n\t\t\t\n\t\t\tclass=\"so-widget-teaser-box so-widget-teaser-box-teaser-box-style-d75171398898\"\n\t\t\t\n\t\t><div class=\"teaser-box\">\n  <div class=\"image position-\" style=\"background-image: url(https:\/\/compassion.ch\/wp-content\/uploads\/2020\/11\/d_zeltner.jpg);\"><\/div>\n  <h4 class=\"svg-divider\">D\u00e4n Zeltner<\/h4>\n  <p>D\u00e4n e la sua famiglia sostengono tre bambini in Kenya,\u00a0 \"sono fermamente convinto che insieme possiamo portare una nuova speranza in Svizzera e nei paesi in cui \u00e8 presente la povert\u00e0 \u00e8 estrema!\"<\/p>\n<p>\u00c8 pastore della Equippers Peace Church di Zurigo e guida anche la <a href=\"https:\/\/www.oneheart.ch\/\" target=\"_blank\" rel=\"noopener\">ONE HEART Worship Academy<\/a>.<\/p>\n<\/div>\n<\/div><\/div><div id=\"panel-w67aca33a77717-0-0-3\" class=\"so-panel widget widget_teaser-box\" data-index=\"3\" ><div\n\t\t\t\n\t\t\tclass=\"so-widget-teaser-box so-widget-teaser-box-teaser-box-style-d75171398898\"\n\t\t\t\n\t\t><div class=\"teaser-box\">\n  <div class=\"image position-\" style=\"background-image: url(https:\/\/compassion.ch\/wp-content\/uploads\/2016\/03\/compassion_nath_heimberg.jpg);\"><\/div>\n  <h4 class=\"svg-divider\">Nath Heimberg<\/h4>\n  <p><span style=\"font-weight: 400;\">Mentre studiava all'Hillsong College in Australia, Nathanael ha sentito parlare dell\u2019operato di Compassion e ha deciso di diventare sostenitore di Jhanet in Bolivia. \"Essere ambasciatore Compassion e poter portare le persone non solo a riflettere ma anche ad agire attraverso la mia musica mi rende davvero entusiasta!<\/span><\/p>\n<p><span style=\"font-weight: 400;\">Oltre alla sua musica, Nath lavora nell'ICF Mittelland, modera il programma \"Sch\u00e4re, Stei, Papier\" su Radio Lifechannel e collabora con l\u2019organizzazione giovanile cristiana Adonia .<\/span><\/p>\n<p><a href=\"http:\/\/nathheimberg.strikingly.com\/\" target=\"_blank\" rel=\"noopener\"><span style=\"font-weight: 400;\">Qui potete trovare <\/span><\/a>ulteriori informazioni su Nath e \"Are you ready\".<\/p>\n<\/div>\n<\/div><\/div><div id=\"panel-w67aca33a77717-0-0-4\" class=\"so-panel widget widget_teaser-box\" data-index=\"4\" ><div\n\t\t\t\n\t\t\tclass=\"so-widget-teaser-box so-widget-teaser-box-teaser-box-style-d75171398898\"\n\t\t\t\n\t\t><div class=\"teaser-box\">\n  <div class=\"image position-\" style=\"background-image: url(https:\/\/compassion.ch\/wp-content\/uploads\/2018\/12\/Tina_Schmidt.jpg);\"><\/div>\n  <h4 class=\"svg-divider\">Tina Schmidt<\/h4>\n  <p><a href=\"https:\/\/www.tinaschmidt.ch\/\" target=\"_blank\" rel=\"noopener\"><span style=\"font-weight: 400;\">Tina Schmidt<\/span><\/a><span style=\"font-weight: 400;\"> \u00e8 oratrice e autrice (\"VENUS - La mia vita tra libert\u00e0 e amore\"). La sua vita egocentrica tra le feste VIP e il mondo glamour della moda ha subito un grande cambiamento grazie all'amore e alla grazia di Dio. In particolar modo, i bambini del Sudafrica e dell\u2019India hanno conquistato il suo cuore e hanno abbattuto le sue barriere. \"I bambini incontrati nei paesi poveri\u00a0 hanno mostrato a me \u2013 svizzera ricca e orgogliosa - la mia povert\u00e0 interiore e mi hanno dato una nuova prospettiva su me stessa e sugli altri. Per questo\u00a0 sono loro infinitamente grata\". Ora vuole restituire loro qualcosa. Attualmente sostiene Jessica nel Ghana e vorrebbe aiutare Compassion, affinch\u00e9 molti altri bambini possano avere un futuro pieno di speranza.<\/span><\/p>\n<\/div>\n<\/div><\/div><div id=\"panel-w67aca33a77717-0-0-5\" class=\"so-panel widget widget_teaser-box\" data-index=\"5\" ><div\n\t\t\t\n\t\t\tclass=\"so-widget-teaser-box so-widget-teaser-box-teaser-box-style-d75171398898\"\n\t\t\t\n\t\t><div class=\"teaser-box\">\n  <div class=\"image position-\" style=\"background-image: url(https:\/\/compassion.ch\/wp-content\/uploads\/2016\/03\/compassion_Sarah_Zingg.jpg);\"><\/div>\n  <h4 class=\"svg-divider\">Sarah Zingg<\/h4>\n  <p><a href=\"http:\/\/www.sarahzingg.ch\/\" target=\"_blank\" rel=\"noopener\">Sarah Zingg<\/a> \u00e8 una cantautrice della Svizzera orientale. Ha iniziato a scrivere canzoni all'et\u00e0 di 13 anni. La sua musica entusiasma grazie a melodie accattivanti e si lega al pop americano con leggere influenze folk e jazz.<br \/>\nNel 2007\/08 ha partecipato ad una scuola di lode negli Stati Uniti. \u00c8 tornata negli USA per un breve periodo per registrare il suo EP \"Shadows\" e l'attuale singolo \"City On A Hill\".<br \/>\n\u00c8 sostenitrice di Andres Anderson, un bambino peruviano.<\/p>\n<\/div>\n<\/div><\/div><div id=\"panel-w67aca33a77717-0-0-6\" class=\"so-panel widget widget_teaser-box\" data-index=\"6\" ><div\n\t\t\t\n\t\t\tclass=\"so-widget-teaser-box so-widget-teaser-box-teaser-box-style-d75171398898\"\n\t\t\t\n\t\t><div class=\"teaser-box\">\n  <div class=\"image position-\" style=\"background-image: url(https:\/\/compassion.ch\/wp-content\/uploads\/2016\/03\/compassion_JackDylan.jpg);\"><\/div>\n  <h4 class=\"svg-divider\">DJ Jack Dylan<\/h4>\n  <p>\"Come musicista voglio continuamente mettere in risalto gli aspetti positivi della vita, e risplendere autenticamente come luce in ogni ambiente! Ecco perch\u00e9 sono felice di adoperarmi per aiutare molti bambini che si trovano in difficolt\u00e0 e in condizioni di povert\u00e0. Il DJ e produttore musicale svizzero <a href=\"https:\/\/www.facebook.com\/DjJackDylan\" target=\"_blank\" rel=\"noopener\">DJ Jack Dylan<\/a> sostiene due bambini: David e Natchapon. \u00c8 un ambasciatore per i bambini che si trovano in condizioni di estrema povert\u00e0.<\/p>\n<\/div>\n<\/div><\/div><div id=\"panel-w67aca33a77717-0-0-7\" class=\"so-panel widget widget_teaser-box\" data-index=\"7\" ><div\n\t\t\t\n\t\t\tclass=\"so-widget-teaser-box so-widget-teaser-box-teaser-box-style-d75171398898\"\n\t\t\t\n\t\t><div class=\"teaser-box\">\n  <div class=\"image position-\" style=\"background-image: url(https:\/\/compassion.ch\/wp-content\/uploads\/2016\/03\/compassion_marcel_hager.jpg);\"><\/div>\n  <h4 class=\"svg-divider\">Marcel Hager<\/h4>\n  <p>Marcel Hager \u00e8 allenatore, relatore e autore. \u00c8 il fondatore e proprietario di <a href=\"http:\/\/www.survive2life.ch\/\" target=\"_blank\" rel=\"noopener\">FROM SURVIVE TO LIFE<\/a>, un team che utilizza esperienze pratiche e naturali per motivare le persone a scoprire le proprie visioni, capacit\u00e0 e sogni, per rafforzare i propri punti di forza e sviluppare la propria personalit\u00e0.<\/p>\n<p>Marcel \u00e8 anche il leader del movimento cristiano maschile <a href=\"http:\/\/www.der4temusketier.ch\/\" target=\"_blank\" rel=\"noopener\">\"4M Svizzera\"<\/a>. Vive vicino a Zurigo, \u00e8 sposato, padre di tre figli e sostenitore di Imani, che vive in Tanzania. \"Amo l\u2019aspro e il selvaggio, le sfide, la scoperta di cose nuove, l'avventura e tutto ci\u00f2 che ti fa sentire vivo\". \u201cLo spirito pionieristico, la risolutezza e la forza di volont\u00e0 fanno parte della mia personalit\u00e0. Sfidare e incoraggiare le persone nel credere in loro e risvegliare il loro potenziale \u00e8 ci\u00f2 che mi motiva\".<\/p>\n<\/div>\n<\/div><\/div><div id=\"panel-w67aca33a77717-0-0-8\" class=\"so-panel widget widget_teaser-box\" data-index=\"8\" ><div\n\t\t\t\n\t\t\tclass=\"so-widget-teaser-box so-widget-teaser-box-teaser-box-style-d75171398898\"\n\t\t\t\n\t\t><div class=\"teaser-box\">\n  <div class=\"image position-\" style=\"background-image: url(https:\/\/compassion.ch\/wp-content\/uploads\/2016\/03\/compassion_Mandy_Muckett.jpg);\"><\/div>\n  <h4 class=\"svg-divider\">Mandy Muckett<\/h4>\n  <p><a href=\"https:\/\/www.facebook.com\/mandy.muckett\" target=\"_blank\" rel=\"noopener\">Mandy Muckett<\/a> \u00e8 un'oratrice e un'autrice internazionale, inglese. (\"Sei meravigliosa - Vedermi attraverso gli occhi di Dio\"). Con onest\u00e0 e umorismo Mandy racconta della sua vita di donna che lotta sempre con il suo peso e la sua autostima. \u00c8 sorpresa dal Padre celeste che la accetta cos\u00ec com'\u00e8. Con molto amore le dice che \u00e8 meravigliosa! Mandy vive a Basilea con suo marito Keith e due figlie. Mandy e la sua famiglia sono con Compassion da molti anni. \u00c8 sostenitrice di un bambino ad Haiti e di tre bambini in Kenya, che ha anche visitato.<\/p>\n<\/div>\n<\/div><\/div><div id=\"panel-w67aca33a77717-0-0-9\" class=\"so-panel widget widget_teaser-box panel-last-child\" data-index=\"9\" ><div\n\t\t\t\n\t\t\tclass=\"so-widget-teaser-box so-widget-teaser-box-teaser-box-style-d75171398898\"\n\t\t\t\n\t\t><div class=\"teaser-box\">\n  <div class=\"image position-\" style=\"background-image: url(https:\/\/compassion.ch\/wp-content\/uploads\/2016\/03\/compassion_anndreas_benz.jpg);\"><\/div>\n  <h4 class=\"svg-divider\">Andreas Benz<\/h4>\n  <p>\"Come supervisore, coach e consulente organizzativo, nonch\u00e9 come privato cittadino, sostengo Compassion idealmente e finanziariamente. Sono particolarmente entusiasta delle partnership paritarie tra le chiese di tutto il mondo. Come famiglia, sperimentiamo come il bambino che stiamo sostenendo stia arricchendo la nostra vita, \u00e8 una sfida in senso buono e ci aiuta a rimanere sensibili alle esigenze di questo mondo. Compassion mi ha aiutato a capire che noi non siamo impotenti, ma possiamo fare la differenza in questo mondo!<\/p>\n<p><a href=\"http:\/\/www.benzcoaching.ch\/\" target=\"_blank\" rel=\"noopener\">Andreas Benz<\/a> consiglia i leader cristiani, le squadre e le chiese. Vive ad Aarau con la moglie Marianne e i loro tre figli.<\/p>\n<\/div>\n<\/div><\/div><\/div><div id=\"pgc-w67aca33a77717-0-1\"  class=\"panel-grid-cell\" ><div id=\"panel-w67aca33a77717-0-1-0\" class=\"so-panel widget widget_teaser-box panel-first-child\" data-index=\"10\" ><div\n\t\t\t\n\t\t\tclass=\"so-widget-teaser-box so-widget-teaser-box-teaser-box-style-d75171398898\"\n\t\t\t\n\t\t><div class=\"teaser-box\">\n  <div class=\"image position-\" style=\"background-image: url(https:\/\/compassion.ch\/wp-content\/uploads\/2019\/06\/d_bianda.jpg);\"><\/div>\n  <h4 class=\"svg-divider\">Daniela Bianda<\/h4>\n  <p>Daniela Bianda, nata in Ticino, lavora come educatrice con disabili adulti.<\/p>\n<p>Ha incontrato Dio nel 1991 mentre si trovava in Brasile e da allora ha iniziato il suo cammino con Lui!<\/p>\n<p>La musica \u00e8 stato il filo conduttore che le ha permesso di intessere un rapporto \u00a0intenso con Dio. E\u2019 il canale tramite il quale riesce a sintonizzarsi al meglio sulle \u201cfrequenze divine\u201d offrendo a Dio ci\u00f2 che sgorga dal suo cuore e lasciandosi guidare nel ricevere ci\u00f2 che Lui vuole fare in lei e attraverso di lei.<\/p>\n<p>Nei suoi brani ci si pu\u00f2 riconoscere poich\u00e9 descrivono \u00a0situazioni comuni a tutti, \u00a0\u00a0emerge comunque \u00a0sempre\u00a0 la \u00a0Parola di Dio, che porta\u00a0 pace e incoraggia.<\/p>\n<p>Daniela sostiene Adisu dall\u2019Etiopia, il suo desiderio \u00e8 di aiutare coloro che sono nella sofferenza a trovare la strada per uscirne!<\/p>\n<p>&nbsp;<\/p>\n<\/div>\n<\/div><\/div><div id=\"panel-w67aca33a77717-0-1-1\" class=\"so-panel widget widget_teaser-box\" data-index=\"11\" ><div\n\t\t\t\n\t\t\tclass=\"so-widget-teaser-box so-widget-teaser-box-teaser-box-style-d75171398898\"\n\t\t\t\n\t\t><div class=\"teaser-box\">\n  <div class=\"image position-\" style=\"background-image: url(https:\/\/compassion.ch\/wp-content\/uploads\/2018\/02\/drosenkranz.jpg);\"><\/div>\n  <h4 class=\"svg-divider\">D\u00e9borah Rosenkranz<\/h4>\n  <p>\"Mi \u00e8 stata regalata la piattaforma della musica per alzare la voce a favore di coloro che non hanno voce\".<br \/>\nIn qualit\u00e0 di cantante e autrice di libri che, grazie a un incontro personale con Dio, \u00e8 stata guarita da disturbi alimentari che stavano mettendo a repentaglio la sua vita, D\u00e9borah Rosenkranz \u00e8 in viaggio con il suo nuovo album \"Wildheart\" e l\u2019incoraggiante messaggio di come #oneprayer ha cambiato la sua vita.<\/p>\n<\/div>\n<\/div><\/div><div id=\"panel-w67aca33a77717-0-1-2\" class=\"so-panel widget widget_teaser-box\" data-index=\"12\" ><div\n\t\t\t\n\t\t\tclass=\"so-widget-teaser-box so-widget-teaser-box-teaser-box-style-d75171398898\"\n\t\t\t\n\t\t><div class=\"teaser-box\">\n  <div class=\"image position-\" style=\"background-image: url(https:\/\/compassion.ch\/wp-content\/uploads\/2016\/03\/compassion_Rahel.jpg);\"><\/div>\n  <h4 class=\"svg-divider\">Rahel Richter <\/h4>\n  <p><a href=\"http:\/\/rahelmusic.ch\" target=\"_blank\" rel=\"noopener\"><span style=\"font-weight: 400;\">Rahel <\/span><\/a><span style=\"font-weight: 400;\">\u00e8 stata per molti anni speaker e cantante in cori, gruppi di culto e anche in progetti solisti. Una donna con entusiasmo e passione, autentica, genuina, toccante e commovente. Con il suo canto vuole toccare, dare gioia, mostrare la via al cuore di Dio, confortare e incoraggiare.<\/span><\/p>\n<p><span style=\"font-weight: 400;\">Rahel ha visitato i suoi bambini Compassion,\u00a0 Jamica e Ritchel nelle Filippine. Questo <\/span><a href=\"https:\/\/www.youtube.com\/watch?v=msvWuvFvCNw\" target=\"_blank\" rel=\"noopener\"><span style=\"font-weight: 400;\">breve filmato <\/span><\/a><span style=\"font-weight: 400;\">mostra momenti unici. Oggi \u00e8 pi\u00f9 che motivata ed usare la\u00a0 sua forza per liberare i bambini dalla povert\u00e0 nel nome di Ges\u00f9.<\/span><\/p>\n<\/div>\n<\/div><\/div><div id=\"panel-w67aca33a77717-0-1-3\" class=\"so-panel widget widget_teaser-box\" data-index=\"13\" ><div\n\t\t\t\n\t\t\tclass=\"so-widget-teaser-box so-widget-teaser-box-teaser-box-style-d75171398898\"\n\t\t\t\n\t\t><div class=\"teaser-box\">\n  <div class=\"image position-\" style=\"background-image: url(https:\/\/compassion.ch\/wp-content\/uploads\/2016\/03\/compassion_saymo_k.jpg);\"><\/div>\n  <h4 class=\"svg-divider\">Saymo K'<\/h4>\n  <span style=\"font-weight: 400;\">L'obiettivo <a href=\"https:\/\/www.facebook.com\/saymokmusic\/\" target=\"_blank\" rel=\"noopener\">di Saymo'K<\/a><\/span> \u00e8 quello di offrire una nuova prospettiva ai giovani attraverso la sua musica e di porre fine alla musica promossa quotidianamente dai media, che parla solo di \"soldi, droga e sesso\"! Nelle sue canzoni la frase principe \u00e8: 'SoLi-Deo-GLoria' ( latino: 'Solo a Dio appartiene la Gloria')!\u00a0\n\n<span style=\"font-weight: 400;\">Saymo ha deciso di diventare ambasciatore Compassion e di aiutare attivamente a liberare molti bambini dalla povert\u00e0 estrema. Egli stesso \u00e8 sostenitore del piccolo Zuleidy, che vive nella Repubblica Dominicana.<\/span><\/div>\n<\/div><\/div><div id=\"panel-w67aca33a77717-0-1-4\" class=\"so-panel widget widget_teaser-box\" data-index=\"14\" ><div\n\t\t\t\n\t\t\tclass=\"so-widget-teaser-box so-widget-teaser-box-teaser-box-style-d75171398898\"\n\t\t\t\n\t\t><div class=\"teaser-box\">\n  <div class=\"image position-\" style=\"background-image: url(https:\/\/compassion.ch\/wp-content\/uploads\/2019\/01\/rhonda_web.jpg);\"><\/div>\n  <h4 class=\"svg-divider\">Rhonda Dorsey<\/h4>\n  <p><a href=\"https:\/\/www.rd-gospel.com\/\" target=\"_blank\" rel=\"noopener\">Rhonda Dorsey<\/a> (cantante, insegnante di canto, direttrice di coro e bernese per scelta) viene da Filadelfia e canta il gospel dal profondo della sua anima, con una convinzione contagiosa. \"Ho deciso di diventare ambasciatrice Compassion allo scopo di aiutare a liberare il maggior numero possibile di bambini dalla povert\u00e0 estrema. Io e mio marito siamo stati benedetti da Dio con una figlia che \u00e8 nata in Etiopia. Sono incredibilmente grata di poter essere sostenitrice di Hiwot, che vive a sua volta in Etiopia. Attraverso i canti gospel si pu\u00f2 ricevere e trasmettere pace, gioia, incoraggiamento e ispirazione. \u00c8 meraviglioso poter usare l\u2019energia positiva del Gospel per cambiare in meglio la vita delle persone.<\/p>\n<\/div>\n<\/div><\/div><div id=\"panel-w67aca33a77717-0-1-5\" class=\"so-panel widget widget_teaser-box\" data-index=\"15\" ><div\n\t\t\t\n\t\t\tclass=\"so-widget-teaser-box so-widget-teaser-box-teaser-box-style-d75171398898\"\n\t\t\t\n\t\t><div class=\"teaser-box\">\n  <div class=\"image position-\" style=\"background-image: url(https:\/\/compassion.ch\/wp-content\/uploads\/2016\/03\/compassion_swiss_gospel.jpg);\"><\/div>\n  <h4 class=\"svg-divider\">Swiss Gospel Voices<\/h4>\n  <p>\"Compassion \u00e8 trasparente - questo crea fiducia e motiva. Particolarmente di supporto \u00e8 il contatto personale attraverso le lettere, grazie al quale si pu\u00f2 creare e coltivare una relazione concreta con il bambino sostenuto. Marc Vogel \u00e8 manager di <a href=\"http:\/\/www.swissgospelvoices.ch\/\" target=\"_blank\" rel=\"noopener\">Swiss Gospel Voices<\/a>. Sostiene Teofilo, un bambino del Burkina Faso. Le Swiss Gospel Voices si esibiscono principalmente in Svizzera, ma portano il loro \"stile\u201d anche all'estero. Con il suo programma variegato e la grande intensit\u00e0 espressiva, trova sempre nuove vie per portare l'attenzione su questioni sociali., come la povert\u00e0 infantile. Durante il loro viaggio di studio in Tanzania,  hanno potuto convincersi dell'importanza e della sostenibilit\u00e0 dei programmi Compassion a favore dei bambini. Per questo sono convinti e orgogliosi ambasciatori Compassion<\/p>\n<\/div>\n<\/div><\/div><div id=\"panel-w67aca33a77717-0-1-6\" class=\"so-panel widget widget_teaser-box\" data-index=\"16\" ><div\n\t\t\t\n\t\t\tclass=\"so-widget-teaser-box so-widget-teaser-box-teaser-box-style-d75171398898\"\n\t\t\t\n\t\t><div class=\"teaser-box\">\n  <div class=\"image position-\" style=\"background-image: url(https:\/\/compassion.ch\/wp-content\/uploads\/2016\/03\/compassion_vlada.jpg);\"><\/div>\n  <h4 class=\"svg-divider\">Vlada<\/h4>\n  <p><a href=\"http:\/\/www.vladamusic.com\/\" target=\"_blank\" rel=\"noopener\">Vlada<\/a> \u00e8 un artista dall'anima multiculturale. Il musicista svizzero ha radici serbe e vive in Svizzera: \"Come artista e come privato sostengo Compassion con tutto il cuore. Attraverso l'operato di Compassion, i bambini bisognosi e i pi\u00f9 poveri di questo mondo vengono aiutati, le vite di molti esseri umani cambiano positivamente nel corso delle generazioni. Attraverso la mia collaborazione con Compassion, il mio lavoro musicale ha assunto un nuovo e pi\u00f9 profondo significato che non voglio pi\u00f9 perdere\".<\/p>\n<\/div>\n<\/div><\/div><div id=\"panel-w67aca33a77717-0-1-7\" class=\"so-panel widget widget_teaser-box panel-last-child\" data-index=\"17\" ><div\n\t\t\t\n\t\t\tclass=\"so-widget-teaser-box so-widget-teaser-box-teaser-box-style-d75171398898\"\n\t\t\t\n\t\t><div class=\"teaser-box\">\n  <div class=\"image position-\" style=\"background-image: url(https:\/\/compassion.ch\/wp-content\/uploads\/2016\/03\/DSCF1253-e1469624510537.jpg);\"><\/div>\n  <h4 class=\"svg-divider\">Anja Lehmann<\/h4>\n  <p>\"L'aiuto olistico dato ai bambini da questa organizzazione va ben oltre il materiale! Attraverso l'aiuto fornito da Compassion, i bambini imparano che sono preziosi e pieni di considerazione agli occhi di Dio\".<\/p>\n<p><a href=\"http:\/\/www.anjalehmann.de\/\" target=\"_blank\" rel=\"noopener\">Anja Lehmann<\/a> \u00e8 attiva da molti anni come cantante e cantautrice sui palchi e in studio. L'animo e gli elementi gospel caratterizzano il suo stile. Senza abbellimenti racconta la sua vita al pubblico e lo introduce al Dio che l\u2019affianca nella vita di tutti i giorni. Anja ha il dono di trasmettere verit\u00e0 profonde attraverso le sue canzoni e di \"incantare\" la gente con la sua voce.<\/p>\n<p>Anja guarda ben oltre il palco: dal 2009 \u00e8 sostenitrice di Betzabeth dall'Ecuador ed \u00e8 in tourn\u00e9e come ambasciatrice Compassion.<\/p>\n<\/div>\n<\/div><\/div><\/div><\/div><\/div><\/div><\/div><\/div><\/div><\/div><\/div><\/div>","protected":false},"excerpt":{"rendered":"<p>Ambasciatori di Compassion Siamo grati che artisti, oratori e personalit\u00e0 sostengano attivamente il lavoro di Compassion per lo sviluppo del bambino.<\/p>\n","protected":false},"author":8,"featured_media":0,"parent":0,"menu_order":0,"comment_status":"closed","ping_status":"closed","template":"","meta":{"give_campaign_id":0,"footnotes":""},"class_list":["post-13746","page","type-page","status-publish","hentry"],"campaignId":"","_links":{"self":[{"href":"https:\/\/compassion.ch\/it\/wp-json\/wp\/v2\/pages\/13746","targetHints":{"allow":["GET"]}}],"collection":[{"href":"https:\/\/compassion.ch\/it\/wp-json\/wp\/v2\/pages"}],"about":[{"href":"https:\/\/compassion.ch\/it\/wp-json\/wp\/v2\/types\/page"}],"author":[{"embeddable":true,"href":"https:\/\/compassion.ch\/it\/wp-json\/wp\/v2\/users\/8"}],"replies":[{"embeddable":true,"href":"https:\/\/compassion.ch\/it\/wp-json\/wp\/v2\/comments?post=13746"}],"version-history":[{"count":0,"href":"https:\/\/compassion.ch\/it\/wp-json\/wp\/v2\/pages\/13746\/revisions"}],"wp:attachment":[{"href":"https:\/\/compassion.ch\/it\/wp-json\/wp\/v2\/media?parent=13746"}],"curies":[{"name":"wp","href":"https:\/\/api.w.org\/{rel}","templated":true}]}}